{"id":66064,"date":"2025-09-12T09:51:57","date_gmt":"2025-09-12T07:51:57","guid":{"rendered":"https:\/\/www.klb-koetztal.de\/?page_id=66064"},"modified":"2026-08-19T09:24:16","modified_gmt":"2026-08-19T07:24:16","slug":"lentreprise","status":"publish","type":"page","link":"https:\/\/www.klb-koetztal.de\/fr\/lentreprise\/","title":{"rendered":"L&rsquo;entreprise"},"content":{"rendered":"","protected":false},"excerpt":{"rendered":"","protected":false},"author":17,"featured_media":0,"parent":0,"menu_order":40,"comment_status":"closed","ping_status":"closed","template":"page-templates\/page-builder.php","meta":{"_acf_changed":false,"footnotes":""},"class_list":["post-66064","page","type-page","status-publish","hentry"],"acf":{"page_builder":[{"acf_fc_layout":"module_header","module_header":{"":null,"slider":[{"background_image":{"ID":2328,"id":2328,"title":"KLB-Lacke+beschichtungen-wir-ueber-uns-Beschichtungssysteme-KLB-Firmensitz-ichenhausen","filename":"KLB-Lackebeschichtungen-wir-ueber-uns-Beschichtungssysteme-KLB-Firmensitz-ichenhausen.jpg","filesize":503450,"url":"https:\/\/www.klb-koetztal.de\/app\/uploads\/2020\/05\/KLB-Lackebeschichtungen-wir-ueber-uns-Beschichtungssysteme-KLB-Firmensitz-ichenhausen.jpg","link":"https:\/\/www.klb-koetztal.de\/fr\/?attachment_id=2328","alt":"KLB-Verwaltungs- und Schulungsgeb\u00e4ude vor blauem Himmel und Teich im Vordergrund","author":"11","description":"","caption":"","name":"klb-lackebeschichtungen-wir-ueber-uns-beschichtungssysteme-klb-firmensitz-ichenhausen-2","status":"inherit","uploaded_to":21391,"date":"2020-05-22 11:38:38","modified":"2021-07-05 09:15:50","menu_order":0,"mime_type":"image\/jpeg","type":"image","subtype":"jpeg","icon":"https:\/\/www.klb-koetztal.de\/wp\/wp-includes\/images\/media\/default.png","width":2560,"height":1120,"sizes":{"thumbnail":"https:\/\/www.klb-koetztal.de\/app\/uploads\/2020\/05\/KLB-Lackebeschichtungen-wir-ueber-uns-Beschichtungssysteme-KLB-Firmensitz-ichenhausen-150x150.jpg","thumbnail-width":150,"thumbnail-height":150,"medium":"https:\/\/www.klb-koetztal.de\/app\/uploads\/2020\/05\/KLB-Lackebeschichtungen-wir-ueber-uns-Beschichtungssysteme-KLB-Firmensitz-ichenhausen-300x131.jpg","medium-width":300,"medium-height":131,"medium_large":"https:\/\/www.klb-koetztal.de\/app\/uploads\/2020\/05\/KLB-Lackebeschichtungen-wir-ueber-uns-Beschichtungssysteme-KLB-Firmensitz-ichenhausen.jpg","medium_large-width":768,"medium_large-height":336,"large":"https:\/\/www.klb-koetztal.de\/app\/uploads\/2020\/05\/KLB-Lackebeschichtungen-wir-ueber-uns-Beschichtungssysteme-KLB-Firmensitz-ichenhausen-1024x448.jpg","large-width":1024,"large-height":448,"1536x1536":"https:\/\/www.klb-koetztal.de\/app\/uploads\/2020\/05\/KLB-Lackebeschichtungen-wir-ueber-uns-Beschichtungssysteme-KLB-Firmensitz-ichenhausen-1536x672.jpg","1536x1536-width":1536,"1536x1536-height":672,"2048x2048":"https:\/\/www.klb-koetztal.de\/app\/uploads\/2020\/05\/KLB-Lackebeschichtungen-wir-ueber-uns-Beschichtungssysteme-KLB-Firmensitz-ichenhausen-2048x896.jpg","2048x2048-width":2048,"2048x2048-height":896,"woocommerce_thumbnail":"https:\/\/www.klb-koetztal.de\/app\/uploads\/2020\/05\/KLB-Lackebeschichtungen-wir-ueber-uns-Beschichtungssysteme-KLB-Firmensitz-ichenhausen-300x300.jpg","woocommerce_thumbnail-width":300,"woocommerce_thumbnail-height":300,"woocommerce_single":"https:\/\/www.klb-koetztal.de\/app\/uploads\/2020\/05\/KLB-Lackebeschichtungen-wir-ueber-uns-Beschichtungssysteme-KLB-Firmensitz-ichenhausen-600x263.jpg","woocommerce_single-width":600,"woocommerce_single-height":263,"woocommerce_gallery_thumbnail":"https:\/\/www.klb-koetztal.de\/app\/uploads\/2020\/05\/KLB-Lackebeschichtungen-wir-ueber-uns-Beschichtungssysteme-KLB-Firmensitz-ichenhausen-100x100.jpg","woocommerce_gallery_thumbnail-width":100,"woocommerce_gallery_thumbnail-height":100}},"headline":"Nous n'aimons pas en faire des tonnes. Saur pour les rev\u00eatements de sol. ","subheadline":"","headline_color":"text-color-black","button_link":{"title":"","url":"","target":"","0":""},"button_text":""}],"scroll_down_icon":true,"overlapping_content":false,"anchor":""}},{"acf_fc_layout":"module_grid_text","module_grid_text":{"":null,"prototype_headline":{"headline":"La meilleure base pour le succ\u00e8s est l'exp\u00e9rience","h1":true,"subheadline":"Une comp\u00e9tence exceptionnelle en mati\u00e8re de syst\u00e8mes et 30 ans de savoir-faire du secteur ont fait de KLB K\u00f6tztal GmbH la premi\u00e8re adresse pour les sols commerciaux et industriels.","anchor":"d\u00e9couvrez-klb","url":{"title":"","url":"","target":"","0":""}},"slider":false,"content":[{"text":"<p><strong>Chez nous, l\u2019expertise est une tradition : l\u2019histoire de KLB K\u00f6tztal GmbH<\/strong><\/p>\n<p>D\u2019une petite entreprise familiale \u00e0 l\u2019un des principaux fournisseurs de mat\u00e9riaux de rev\u00eatement et de r\u00e9sines r\u00e9actives pour les sols industriels : tout au long de nos 30 ans d\u2019existence, nous sommes particuli\u00e8rement fiers de la confiance que nos clients nous accordent. Cela est certainement d\u00fb \u00e0 l\u2019accent particulier que nous mettons sur nos prestations : des solutions syst\u00e8me \u00e9prouv\u00e9es et parfaitement adapt\u00e9es les unes aux autres, qui sont aussi personnalisables. <\/p>\n","width":"4","background_color_text":"bg-none","border_color":"border-none"},{"text":"<p><strong>De taille moyenne et terre-\u00e0-terre : telles sont nos valeurs<\/strong><\/p>\n<p>Depuis 1995 \u2013 l\u2019ann\u00e9e de sa cr\u00e9ation, KLB K\u00f6tztal GmbH est pass\u00e9e du statut d\u2019entreprise de famille g\u00e9r\u00e9e par son propri\u00e9taire \u00e0 celui d\u2019une soci\u00e9t\u00e9 de taille moyenne performante et op\u00e9rante \u00e0 l\u2019\u00e9chelle internationale. Malgr\u00e9 cette croissance, notre mod\u00e8le reste marqu\u00e9 par un entrepreneuriat familiale et commerciale. Nombre de nos employ\u00e9s nous r\u00e9compensent pour cette orientation avec leur loyaut\u00e9 de longue date. Ils appr\u00e9cient les valeurs que nous vivons, nos hi\u00e9rarchies plates et l\u2019environnement de travail agr\u00e9able.   <\/p>\n","width":"4","background_color_text":"bg-none","border_color":"border-none"},{"text":"<p><img loading=\"lazy\" decoding=\"async\" class=\"alignnone size-medium wp-image-66066\" src=\"\/app\/uploads\/2025\/07\/klb-koetztal-ichenhausen-geschaeftsleitung-geschaeftsleiter-kehrle-schorer-2025-500x333.jpg\" alt=\"\" width=\"500\" height=\"333\" srcset=\"https:\/\/www.klb-koetztal.de\/app\/uploads\/2025\/07\/klb-koetztal-ichenhausen-geschaeftsleitung-geschaeftsleiter-kehrle-schorer-2025-500x333.jpg 500w, https:\/\/www.klb-koetztal.de\/app\/uploads\/2025\/07\/klb-koetztal-ichenhausen-geschaeftsleitung-geschaeftsleiter-kehrle-schorer-2025-1536x1024.jpg 1536w, https:\/\/www.klb-koetztal.de\/app\/uploads\/2025\/07\/klb-koetztal-ichenhausen-geschaeftsleitung-geschaeftsleiter-kehrle-schorer-2025-600x400.jpg 600w, https:\/\/www.klb-koetztal.de\/app\/uploads\/2025\/07\/klb-koetztal-ichenhausen-geschaeftsleitung-geschaeftsleiter-kehrle-schorer-2025.jpg 1920w\" sizes=\"auto, (max-width: 500px) 100vw, 500px\" \/><\/p>\n","width":"4","background_color_text":"bg-none","border_color":"border-none"}],"match_height":false,"vertical_align":false,"share_buttons":false,"background_color":"bg-none","background_color_content":"bg-none"}},{"acf_fc_layout":"module_grid_text","module_grid_text":{"":null,"prototype_headline":{"headline":"","h1":false,"subheadline":"","anchor":"","url":{"title":"","url":"","target":"","0":""}},"slider":false,"content":[{"text":"<p><img loading=\"lazy\" decoding=\"async\" class=\"aligncenter wp-image-1940 size-full\" src=\"https:\/\/www.klb-koetztal.de\/app\/uploads\/2020\/05\/KLB_Systemanbieter_Reaktionsharz_Nachhaltigkeit_Werte_Energie_Umwelt.jpg\" alt=\"\" width=\"1080\" height=\"800\" srcset=\"https:\/\/www.klb-koetztal.de\/app\/uploads\/2020\/05\/KLB_Systemanbieter_Reaktionsharz_Nachhaltigkeit_Werte_Energie_Umwelt.jpg 1080w, https:\/\/www.klb-koetztal.de\/app\/uploads\/2020\/05\/KLB_Systemanbieter_Reaktionsharz_Nachhaltigkeit_Werte_Energie_Umwelt-300x222.jpg 300w, https:\/\/www.klb-koetztal.de\/app\/uploads\/2020\/05\/KLB_Systemanbieter_Reaktionsharz_Nachhaltigkeit_Werte_Energie_Umwelt-1024x759.jpg 1024w, https:\/\/www.klb-koetztal.de\/app\/uploads\/2020\/05\/KLB_Systemanbieter_Reaktionsharz_Nachhaltigkeit_Werte_Energie_Umwelt-600x444.jpg 600w\" sizes=\"auto, (max-width: 1080px) 100vw, 1080px\" \/><\/p>\n","width":"4","background_color_text":"bg-none","border_color":"border-none"},{"text":"<p><strong>La durabilit\u00e9 est importante pour nous : notre mission de r\u00e9duire les substances dangereuses et les \u00e9missions<\/strong><\/p>\n<p>La protection de l\u2019environnement et la durabilit\u00e9 dans notre usine sont des facteurs cl\u00e9s pour nous aussi bien aux processus d\u2019entreprise qu\u2019au d\u00e9veloppement de produits. Nos activit\u00e9s internes de R&#038;D nous permettent de nous am\u00e9liorer en permanence, tout en s\u2019occupant sur la sant\u00e9 et la s\u00e9curit\u00e9 au travail. En renon\u00e7ant aux solvants et aux composants \u00e0 base de ceux, nous sommes d\u00e9sormais en mesure de proposer une gamme compl\u00e8te de produits \u00e0 faibles \u00e9missions et certifi\u00e9s en COV, qui conviennent pour les espaces de s\u00e9jour et respectent ainsi les exigences l\u00e9gales. Ces produits r\u00e9pondent \u00e9galement aux crit\u00e8res de construction durable et respectueuse des ressources. Nos produits \u00e0 faible teneur en \u00e9missions sont r\u00e9guli\u00e8rement audit\u00e9s et certifi\u00e9s par l\u2019Eurofins Consumer Produkt Testing GmbH \u2013 ce qui est une preuve de notre efficacit\u00e9. Les syst\u00e8mes de sol de KLB sont particuliers ; ils doivent \u00eatre durables et capables de r\u00e9pondre \u00e0 toutes les exigences.      <\/p>\n","width":"4","background_color_text":"bg-none","border_color":"border-none"},{"text":"<p><strong>Notre succ\u00e8s en chiffres et faits<\/strong><\/p>\n<p>Nos installations de production et de fabrication modernes et performantes avec des potentiels d\u2019\u00e9conomie constituent la base de notre approche \u00e9conomique. Par exemple, le syst\u00e8me de r\u00e9cup\u00e9ration de chaleur assure que notre fabrication soit \u00e9conome en CO2 avec une chaleur produite de mani\u00e8re durable. Nous produisons nous-m\u00eame une partie de l\u2019\u00e9lectricit\u00e9 sur une grande installation photovolta\u00efque, ce qui nous permet d\u2019\u00e9conomiser 105 500 kWh. De plus, une pompe \u00e0 chaleur sur nappe phr\u00e9atique nous aide \u00e0 pr\u00e9server d\u2019autres ressources \u00e9nerg\u00e9tiques pour le chauffage ou la climatisation dans notre b\u00e2timent administratif et dans l\u2019usine. Le syst\u00e8me dual d\u2019\u00e9limination des d\u00e9chets nous permis de r\u00e9cycler 1500 conteneurs IBC par an, de se passer de 152,4 tonnes de CO2 ainsi que de r\u00e9introduire de 60 tonnes d\u2019acier et 30 tonnes de plastique dans le cycle des d\u00e9chets gr\u00e2ce \u00e0 un retraitement respectueux de l\u2019environnement.    <\/p>\n","width":"4","background_color_text":"bg-none","border_color":"border-none"}],"match_height":false,"vertical_align":false,"share_buttons":false,"background_color":"bg-gray-light","background_color_content":"bg-none"}},{"acf_fc_layout":"module_grid_text","module_grid_text":{"":null,"prototype_headline":{"headline":"","h1":false,"subheadline":"","anchor":"","url":{"title":"","url":"","target":"","0":""}},"slider":false,"content":[{"text":"<p><strong>Ancr\u00e9s dans la r\u00e9gion<\/strong><\/p>\n<p>Le succ\u00e8s est d\u2019autant plus gratifiant qu\u2019il cr\u00e9e un sentiment d\u2019appartenance \u2013 tout comme dans le sport. Entreprise compos\u00e9e de passionn\u00e9s de sport, nous soutenons diff\u00e9rents clubs et activit\u00e9s sportives de la r\u00e9gion. C\u2019est pourquoi le stade de notre \u00e9quipe locale \u00ab Eintracht Autenried \u00bb porte notre nom : le stade de KLB K\u00f6tztal.   <\/p>\n","width":"4","background_color_text":"bg-none","border_color":"border-none"},{"text":"<p><strong>Engag\u00e9s dans la r\u00e9gion \u2013 notre enthousiasme pour le sport<\/strong><\/p>\n<p>Nos \u00e9quipes KLB participent \u00e9galement r\u00e9guli\u00e8rement \u00e0 des courses r\u00e9gionales et \u00e0 d\u2019autres comp\u00e9titions sportives. Mais notre engagement ne se limite pas au sport : nous prenons \u00e9galement part \u00e0 la vie culturelle de la r\u00e9gion et soutenons des \u00e9v\u00e9nements musicaux et culturels r\u00e9gionaux qui renforcent le sentiment de communaut\u00e9 dans notre r\u00e9gion d\u2019origine. <\/p>\n","width":"4","background_color_text":"bg-none","border_color":"border-none"},{"text":"<p><img loading=\"lazy\" decoding=\"async\" class=\"alignnone size-medium wp-image-67207\" src=\"\/app\/uploads\/2025\/08\/klb-koetztal-sportliches-engagement-landkreislauf-2023-autenried-team-500x333.jpg\" alt=\"\" width=\"500\" height=\"333\" srcset=\"https:\/\/www.klb-koetztal.de\/app\/uploads\/2025\/08\/klb-koetztal-sportliches-engagement-landkreislauf-2023-autenried-team-500x333.jpg 500w, https:\/\/www.klb-koetztal.de\/app\/uploads\/2025\/08\/klb-koetztal-sportliches-engagement-landkreislauf-2023-autenried-team-1536x1024.jpg 1536w, https:\/\/www.klb-koetztal.de\/app\/uploads\/2025\/08\/klb-koetztal-sportliches-engagement-landkreislauf-2023-autenried-team-600x400.jpg 600w, https:\/\/www.klb-koetztal.de\/app\/uploads\/2025\/08\/klb-koetztal-sportliches-engagement-landkreislauf-2023-autenried-team.jpg 1920w\" sizes=\"auto, (max-width: 500px) 100vw, 500px\" \/><\/p>\n","width":"4","background_color_text":"bg-none","border_color":"border-none"}],"match_height":false,"vertical_align":false,"share_buttons":false,"background_color":"bg-none","background_color_content":"bg-none"}},{"acf_fc_layout":"module_grid_text","module_grid_text":{"":null,"prototype_headline":{"headline":"","h1":false,"subheadline":"","anchor":"","url":{"title":"","url":"","target":"","0":""}},"slider":false,"content":[{"text":"<p><img loading=\"lazy\" decoding=\"async\" class=\"alignnone size-medium wp-image-66434\" src=\"\/app\/uploads\/2025\/07\/klb-koetztal-30-jahre-jubilaeum-2025-spendenuebergabe-kinderhospiz-st-nikolaus-comboni-missionare-rotary-guenzburg-in-500x333.jpg\" alt=\"\" width=\"500\" height=\"333\" srcset=\"https:\/\/www.klb-koetztal.de\/app\/uploads\/2025\/07\/klb-koetztal-30-jahre-jubilaeum-2025-spendenuebergabe-kinderhospiz-st-nikolaus-comboni-missionare-rotary-guenzburg-in-500x333.jpg 500w, https:\/\/www.klb-koetztal.de\/app\/uploads\/2025\/07\/klb-koetztal-30-jahre-jubilaeum-2025-spendenuebergabe-kinderhospiz-st-nikolaus-comboni-missionare-rotary-guenzburg-in-1536x1024.jpg 1536w, https:\/\/www.klb-koetztal.de\/app\/uploads\/2025\/07\/klb-koetztal-30-jahre-jubilaeum-2025-spendenuebergabe-kinderhospiz-st-nikolaus-comboni-missionare-rotary-guenzburg-in-600x400.jpg 600w, https:\/\/www.klb-koetztal.de\/app\/uploads\/2025\/07\/klb-koetztal-30-jahre-jubilaeum-2025-spendenuebergabe-kinderhospiz-st-nikolaus-comboni-missionare-rotary-guenzburg-in.jpg 1920w\" sizes=\"auto, (max-width: 500px) 100vw, 500px\" \/><\/p>\n","width":"4","background_color_text":"bg-none","border_color":"border-none"},{"text":"<p><strong>La plus belle r\u00e9ussite est collective : notre engagement social<\/strong><\/p>\n<p>Nous ne regardons pas seulement l\u2019ensemble lorsqu\u2019il s\u2019agit de produits innovants, mais aussi lorsqu\u2019il s\u2019agit d\u2019apporter notre contribution dans le monde.<\/p>\n<p>\u00c0 l\u2019occasion de notre 30e anniversaire en 2025, avec nos clients et invit\u00e9s \u2013 et gr\u00e2ce au doublement du montant des dons par notre entreprise \u2013 nous avons pu remettre un total de 18 000 \u20ac \u00e0 l\u2019Hospice pour enfants Saint-Nicolas \u00e0 Bad Gr\u00f6nenbach, aux Missionnaires Comboniens et au Rotary Club de G\u00fcnzburg, qui accomplissent tous un travail pr\u00e9cieux de mani\u00e8res tr\u00e8s diverses.<\/p>\n<a class=\"btn btn-blue\" href=\"https:\/\/www.klb-koetztal.de\/neuigkeiten\/aktuelles\/spendenuebergabe-jubilaeum-2025\/#spendenaktion\" target=\"\">En savoir plus<\/a>\n","width":"4","background_color_text":"bg-none","border_color":"border-none"},{"text":"<p><strong>Voici les projets que nous avons soutenus :<\/strong><\/p>\n<ul>\n<li><strong><a href=\"https:\/\/www.kinderhospiz-nikolaus.de\/\" target=\"_blank\" rel=\"noopener\">L\u2019hospice pour enfants Saint-Nicolas \u00e0 Bad Gr\u00f6nenbach<\/a><\/strong>, un hospice p\u00e9diatrique qui accompagne les familles dont les enfants sont atteints d\u2019une maladie incurable. Il offre un espace pour passer du temps ensemble, se reposer au quotidien et b\u00e9n\u00e9ficier d\u2019un accompagnement professionnel dans les moments particuli\u00e8rement difficiles. <\/li>\n<li><strong><a href=\"https:\/\/comboni.de\/\" target=\"_blank\" rel=\"noopener\">Les Missionnaires Comboniens<\/a><\/strong>, qui r\u00e9alisent des projets sociaux, pastoraux et m\u00e9dicaux dans plusieurs r\u00e9gions du monde. Ils accordent une attention particuli\u00e8re au soutien d\u2019un h\u00f4pital en Ouganda, qui fournit des services de sant\u00e9 essentiels dans une zone peu desservie. <\/li>\n<li>Le<strong data-start=\"1656\" data-end=\"1680\"><a href=\"https:\/\/guenzburg.rotary.de\/\" target=\"_blank\" rel=\"noopener\"> Rotary Club de G\u00fcnzburg<\/a><\/strong>, qui apporte une aide rapide en cas de catastrophe et soutient des projets r\u00e9gionaux cibl\u00e9s \u2013 notamment dans les domaines de l\u2019\u00e9ducation, de la justice sociale et du bien-\u00eatre de la communaut\u00e9.<\/li>\n<\/ul>\n","width":"4","background_color_text":"bg-none","border_color":"border-none"},{"text":"<p><a href=\"https:\/\/www.kinderhospiz-nikolaus.de\/\" target=\"_blank\" rel=\"noopener\"><img loading=\"lazy\" decoding=\"async\" class=\"size-medium wp-image-67188 aligncenter\" src=\"\/app\/uploads\/2025\/08\/kinderhospiz-st-nikolaus-bad-groenenbach-spenden-soziale-zwecke-1920x1280px-500x333.png\" alt=\"\" width=\"500\" height=\"333\" srcset=\"https:\/\/www.klb-koetztal.de\/app\/uploads\/2025\/08\/kinderhospiz-st-nikolaus-bad-groenenbach-spenden-soziale-zwecke-1920x1280px-500x333.png 500w, https:\/\/www.klb-koetztal.de\/app\/uploads\/2025\/08\/kinderhospiz-st-nikolaus-bad-groenenbach-spenden-soziale-zwecke-1920x1280px-1536x1024.png 1536w, https:\/\/www.klb-koetztal.de\/app\/uploads\/2025\/08\/kinderhospiz-st-nikolaus-bad-groenenbach-spenden-soziale-zwecke-1920x1280px-600x400.png 600w, https:\/\/www.klb-koetztal.de\/app\/uploads\/2025\/08\/kinderhospiz-st-nikolaus-bad-groenenbach-spenden-soziale-zwecke-1920x1280px.png 1920w\" sizes=\"auto, (max-width: 500px) 100vw, 500px\" \/><\/a><\/p>\n<p style=\"text-align: center;\">\n","width":"4","background_color_text":"bg-none","border_color":"border-none"},{"text":"<p><a href=\"https:\/\/comboni.de\/\" target=\"_blank\" rel=\"noopener\"><img loading=\"lazy\" decoding=\"async\" class=\"size-medium wp-image-67202 aligncenter\" src=\"\/app\/uploads\/2025\/08\/kinderhospiz-comboni-missionare-uganda-spenden-soziale-zwecke-1920x1280px2-500x333.png\" alt=\"\" width=\"500\" height=\"333\" srcset=\"https:\/\/www.klb-koetztal.de\/app\/uploads\/2025\/08\/kinderhospiz-comboni-missionare-uganda-spenden-soziale-zwecke-1920x1280px2-500x333.png 500w, https:\/\/www.klb-koetztal.de\/app\/uploads\/2025\/08\/kinderhospiz-comboni-missionare-uganda-spenden-soziale-zwecke-1920x1280px2-1536x1024.png 1536w, https:\/\/www.klb-koetztal.de\/app\/uploads\/2025\/08\/kinderhospiz-comboni-missionare-uganda-spenden-soziale-zwecke-1920x1280px2-600x400.png 600w, https:\/\/www.klb-koetztal.de\/app\/uploads\/2025\/08\/kinderhospiz-comboni-missionare-uganda-spenden-soziale-zwecke-1920x1280px2.png 1920w\" sizes=\"auto, (max-width: 500px) 100vw, 500px\" \/><\/a><\/p>\n<p style=\"text-align: center;\">\n","width":"4","background_color_text":"bg-none","border_color":"border-none"},{"text":"<p><a href=\"https:\/\/guenzburg.rotary.de\/\" target=\"_blank\" rel=\"noopener\"><img loading=\"lazy\" decoding=\"async\" class=\"size-medium wp-image-67199 aligncenter\" src=\"\/app\/uploads\/2025\/08\/kinderhospiz-rotary-club-guenzburg-spenden-soziale-zwecke-1920x1280px2-500x333.png\" alt=\"\" width=\"500\" height=\"333\" srcset=\"https:\/\/www.klb-koetztal.de\/app\/uploads\/2025\/08\/kinderhospiz-rotary-club-guenzburg-spenden-soziale-zwecke-1920x1280px2-500x333.png 500w, https:\/\/www.klb-koetztal.de\/app\/uploads\/2025\/08\/kinderhospiz-rotary-club-guenzburg-spenden-soziale-zwecke-1920x1280px2-1536x1024.png 1536w, https:\/\/www.klb-koetztal.de\/app\/uploads\/2025\/08\/kinderhospiz-rotary-club-guenzburg-spenden-soziale-zwecke-1920x1280px2-600x400.png 600w, https:\/\/www.klb-koetztal.de\/app\/uploads\/2025\/08\/kinderhospiz-rotary-club-guenzburg-spenden-soziale-zwecke-1920x1280px2.png 1920w\" sizes=\"auto, (max-width: 500px) 100vw, 500px\" \/><\/a><\/p>\n<p style=\"text-align: center;\">\n","width":"4","background_color_text":"bg-none","border_color":"border-none"}],"match_height":false,"vertical_align":false,"share_buttons":false,"background_color":"bg-gray-light","background_color_content":"bg-gray-light"}},{"acf_fc_layout":"module_grid_text","module_grid_text":{"":null,"prototype_headline":{"headline":"Notre histoire","h1":false,"subheadline":"","anchor":"notre-historie","url":{"title":"","url":"","target":"","0":""}},"slider":false,"content":[{"text":"<p>Ce qui a commenc\u00e9 il y a 30 ans par une d\u00e9cision courageuse des fr\u00e8res Erwin et Artur Kehrle est aujourd\u2019hui une entreprise familiale florissante, solidement \u00e9tablie et guid\u00e9e par une vision claire.<\/p>\n<p>Les premi\u00e8res ann\u00e9es ont \u00e9t\u00e9 marqu\u00e9es par de nombreux d\u00e9fis, beaucoup de travail et une grande pers\u00e9v\u00e9rance. Gr\u00e2ce \u00e0 des id\u00e9es cr\u00e9atives, \u00e0 une passion pour la technologie et \u00e0 la confiance de ses partenaires, KLB s\u2019est impos\u00e9e comme une entreprise innovante et l\u2019un des leaders du secteur. <\/p>\n<p>\u00a0<\/p>\n","width":"12","background_color_text":"bg-none","border_color":"border-none"}],"match_height":false,"vertical_align":false,"share_buttons":false,"background_color":"bg-none","background_color_content":"bg-none"}},{"acf_fc_layout":"module_grid_text","module_grid_text":{"":null,"prototype_headline":{"headline":"","h1":false,"subheadline":"","anchor":"","url":{"title":"","url":"","target":"","0":""}},"slider":false,"content":[{"text":"<h1>1995<\/h1>\n<p>Le 11 janvier 1995, la soci\u00e9t\u00e9 KLB K\u00f6tztal Lacke + Beschichtungen GmbH est fond\u00e9e par Erwin et Artur Kehrle.<\/p>\n<p>Le si\u00e8ge est initialement situ\u00e9 \u00e0 Pfaffenhofen\/Roth. Le d\u00e9veloppement de solutions syst\u00e8me d\u00e9bute avec le produit EP 50, un primaire \u00e0 base de r\u00e9sine \u00e9poxy bicomposant sans solvant. <\/p>\n","width":"8","background_color_text":"bg-none","border_color":"border-none"},{"text":"<p><img loading=\"lazy\" decoding=\"async\" class=\"alignnone wp-image-66075 size-full\" src=\"https:\/\/www.klb-koetztal.de\/app\/uploads\/2025\/07\/klb-koetztal-ichenhausen-firmengeschichte-gruendung-firma-pfaffenhofen-1995.jpg\" alt=\"\" width=\"1920\" height=\"1280\" srcset=\"https:\/\/www.klb-koetztal.de\/app\/uploads\/2025\/07\/klb-koetztal-ichenhausen-firmengeschichte-gruendung-firma-pfaffenhofen-1995.jpg 1920w, https:\/\/www.klb-koetztal.de\/app\/uploads\/2025\/07\/klb-koetztal-ichenhausen-firmengeschichte-gruendung-firma-pfaffenhofen-1995-500x333.jpg 500w, https:\/\/www.klb-koetztal.de\/app\/uploads\/2025\/07\/klb-koetztal-ichenhausen-firmengeschichte-gruendung-firma-pfaffenhofen-1995-1536x1024.jpg 1536w, https:\/\/www.klb-koetztal.de\/app\/uploads\/2025\/07\/klb-koetztal-ichenhausen-firmengeschichte-gruendung-firma-pfaffenhofen-1995-600x400.jpg 600w\" sizes=\"auto, (max-width: 1920px) 100vw, 1920px\" \/><\/p>\n","width":"4","background_color_text":"bg-none","border_color":"border-none"},{"text":"<p>\u00a0<\/p>\n<p>\u00a0<\/p>\n<p>\u00a0<\/p>\n","width":"12","background_color_text":"bg-none","border_color":"border-none"},{"text":"<p><img loading=\"lazy\" decoding=\"async\" class=\"alignnone wp-image-66078 size-full\" src=\"https:\/\/www.klb-koetztal.de\/app\/uploads\/2025\/07\/klb-koetztal-ichenhausen-firmengeschichte-brand-pfaffenhofen-1999.jpg\" alt=\"\" width=\"1920\" height=\"1280\" srcset=\"https:\/\/www.klb-koetztal.de\/app\/uploads\/2025\/07\/klb-koetztal-ichenhausen-firmengeschichte-brand-pfaffenhofen-1999.jpg 1920w, https:\/\/www.klb-koetztal.de\/app\/uploads\/2025\/07\/klb-koetztal-ichenhausen-firmengeschichte-brand-pfaffenhofen-1999-500x333.jpg 500w, https:\/\/www.klb-koetztal.de\/app\/uploads\/2025\/07\/klb-koetztal-ichenhausen-firmengeschichte-brand-pfaffenhofen-1999-1536x1024.jpg 1536w, https:\/\/www.klb-koetztal.de\/app\/uploads\/2025\/07\/klb-koetztal-ichenhausen-firmengeschichte-brand-pfaffenhofen-1999-600x400.jpg 600w\" sizes=\"auto, (max-width: 1920px) 100vw, 1920px\" \/><\/p>\n","width":"4","background_color_text":"bg-none","border_color":"border-none"},{"text":"<p><img loading=\"lazy\" decoding=\"async\" class=\"alignnone wp-image-66081 size-full\" src=\"https:\/\/www.klb-koetztal.de\/app\/uploads\/2025\/07\/klb-koetztal-ichenhausen-firma-neuanfang.jpg\" alt=\"\" width=\"1920\" height=\"1280\" srcset=\"https:\/\/www.klb-koetztal.de\/app\/uploads\/2025\/07\/klb-koetztal-ichenhausen-firma-neuanfang.jpg 1920w, https:\/\/www.klb-koetztal.de\/app\/uploads\/2025\/07\/klb-koetztal-ichenhausen-firma-neuanfang-500x333.jpg 500w, https:\/\/www.klb-koetztal.de\/app\/uploads\/2025\/07\/klb-koetztal-ichenhausen-firma-neuanfang-1536x1024.jpg 1536w, https:\/\/www.klb-koetztal.de\/app\/uploads\/2025\/07\/klb-koetztal-ichenhausen-firma-neuanfang-600x400.jpg 600w\" sizes=\"auto, (max-width: 1920px) 100vw, 1920px\" \/><\/p>\n","width":"4","background_color_text":"bg-none","border_color":"border-none"},{"text":"<h1>1999<\/h1>\n<p>Un incendie majeur d\u00e9truit le hall de production de l\u2019ancien site, ce qui marque un tournant dans l\u2019histoire encore jeune de l\u2019entreprise.<\/p>\n<p>La m\u00eame ann\u00e9e, KLB s\u2019installe dans ses nouveaux locaux \u00e0 Ichenhausen. La reconstruction commence rapidement dans un ancien complexe de magasins de meubles. <\/p>\n","width":"4","background_color_text":"bg-none","border_color":"border-none"},{"text":"<p>\u00a0<\/p>\n<p>\u00a0<\/p>\n<p>\u00a0<\/p>\n","width":"12","background_color_text":"bg-none","border_color":"border-none"},{"text":"<h1>1999<\/h1>\n<p>L\u2019infrastructure du site d\u2019Ichenhausen conna\u00eet une expansion continue. Jusqu\u2019en 2006, de nombreuux travaux d\u2019extension sont r\u00e9alis\u00e9s, notamment l\u2019agrandissement de la zone de production EX, des espaces de stockage et des bureaux, la cr\u00e9ation du premier laboratoire, la construction de plusieurs halls, y compris une ligne de production automatis\u00e9e de r\u00e9sine \u00e9poxy, ainsi que l\u2019am\u00e9nagement des espaces ext\u00e9rieurs. <\/p>\n<p>En parall\u00e8le, la gamme de produits s\u2019enrichit de nouveaux syst\u00e8mes \u00e9poxy, ainsi que des rev\u00eatements conducteurs et conformes \u00e0 la loi allemande sur les ressources en eau (WHG).<\/p>\n<p>\u00a0<\/p>\n<p>\u00a0<\/p>\n","width":"4","background_color_text":"bg-none","border_color":"border-none"},{"text":"<p><img loading=\"lazy\" decoding=\"async\" class=\"alignnone wp-image-66137 size-full\" src=\"https:\/\/www.klb-koetztal.de\/app\/uploads\/2025\/07\/klb-koetztal-ichenhausen-firmengeschichte-neuer-standort.jpg\" alt=\"\" width=\"1920\" height=\"1280\" srcset=\"https:\/\/www.klb-koetztal.de\/app\/uploads\/2025\/07\/klb-koetztal-ichenhausen-firmengeschichte-neuer-standort.jpg 1920w, https:\/\/www.klb-koetztal.de\/app\/uploads\/2025\/07\/klb-koetztal-ichenhausen-firmengeschichte-neuer-standort-500x333.jpg 500w, https:\/\/www.klb-koetztal.de\/app\/uploads\/2025\/07\/klb-koetztal-ichenhausen-firmengeschichte-neuer-standort-1536x1024.jpg 1536w, https:\/\/www.klb-koetztal.de\/app\/uploads\/2025\/07\/klb-koetztal-ichenhausen-firmengeschichte-neuer-standort-600x400.jpg 600w\" sizes=\"auto, (max-width: 1920px) 100vw, 1920px\" \/><\/p>\n","width":"4","background_color_text":"bg-none","border_color":"border-none"},{"text":"<p><img loading=\"lazy\" decoding=\"async\" class=\"alignnone wp-image-66131 size-full\" src=\"https:\/\/www.klb-koetztal.de\/app\/uploads\/2025\/07\/klb-koetztal-ichenhausen-firmengeschichte-ausbau.jpg\" alt=\"\" width=\"1920\" height=\"1280\" srcset=\"https:\/\/www.klb-koetztal.de\/app\/uploads\/2025\/07\/klb-koetztal-ichenhausen-firmengeschichte-ausbau.jpg 1920w, https:\/\/www.klb-koetztal.de\/app\/uploads\/2025\/07\/klb-koetztal-ichenhausen-firmengeschichte-ausbau-500x333.jpg 500w, https:\/\/www.klb-koetztal.de\/app\/uploads\/2025\/07\/klb-koetztal-ichenhausen-firmengeschichte-ausbau-1536x1024.jpg 1536w, https:\/\/www.klb-koetztal.de\/app\/uploads\/2025\/07\/klb-koetztal-ichenhausen-firmengeschichte-ausbau-600x400.jpg 600w\" sizes=\"auto, (max-width: 1920px) 100vw, 1920px\" \/><\/p>\n","width":"4","background_color_text":"bg-none","border_color":"border-none"},{"text":"<p>\u00a0<\/p>\n<p>\u00a0<\/p>\n<p>\u00a0<\/p>\n","width":"12","background_color_text":"bg-none","border_color":"border-none"},{"text":"<p><img loading=\"lazy\" decoding=\"async\" class=\"alignnone wp-image-66100 size-full\" src=\"https:\/\/www.klb-koetztal.de\/app\/uploads\/2025\/07\/klb-koetztal-ichenhausen-firmengeschichte-kundenseminare-kundenschulungen.jpg\" alt=\"\" width=\"1920\" height=\"1280\" srcset=\"https:\/\/www.klb-koetztal.de\/app\/uploads\/2025\/07\/klb-koetztal-ichenhausen-firmengeschichte-kundenseminare-kundenschulungen.jpg 1920w, https:\/\/www.klb-koetztal.de\/app\/uploads\/2025\/07\/klb-koetztal-ichenhausen-firmengeschichte-kundenseminare-kundenschulungen-500x333.jpg 500w, https:\/\/www.klb-koetztal.de\/app\/uploads\/2025\/07\/klb-koetztal-ichenhausen-firmengeschichte-kundenseminare-kundenschulungen-1536x1024.jpg 1536w, https:\/\/www.klb-koetztal.de\/app\/uploads\/2025\/07\/klb-koetztal-ichenhausen-firmengeschichte-kundenseminare-kundenschulungen-600x400.jpg 600w\" sizes=\"auto, (max-width: 1920px) 100vw, 1920px\" \/><\/p>\n","width":"4","background_color_text":"bg-none","border_color":"border-none"},{"text":"<h1>2003<\/h1>\n<p data-start=\"727\" data-end=\"848\">Les premiers s\u00e9minaires clients KLB ont lieu. Ce lancement marque le d\u00e9but d\u2019un programme de formation pratique continue, apportant aux applicateurs, architectes et concepteurs des connaissances pr\u00e9cieuses sur les techniques et l\u2019application de rev\u00eatements. <\/p>\n<p>\u00a0<\/p>\n","width":"8","background_color_text":"bg-none","border_color":"border-none"},{"text":"<p>\u00a0<\/p>\n<p>\u00a0<\/p>\n<p>\u00a0<\/p>\n","width":"12","background_color_text":"bg-none","border_color":"border-none"},{"text":"<h1>2006<\/h1>\n<p data-start=\"727\" data-end=\"848\">Un laboratoire de deux \u00e9tages, d\u00e9di\u00e9 au d\u00e9veloppement et au contr\u00f4le qualit\u00e9, est mis en service, comblant le manque d\u2019espace de recherche. Quelques ann\u00e9es plus tard, le b\u00e2timent sera sur\u00e9lev\u00e9. <\/p>\n","width":"4","background_color_text":"bg-none","border_color":"border-none"},{"text":"<p><img loading=\"lazy\" decoding=\"async\" class=\"alignnone wp-image-66091 size-full\" src=\"https:\/\/www.klb-koetztal.de\/app\/uploads\/2025\/07\/klb-koetztal-ichenhausen-firmengeschichte-labor-anbau.jpg\" alt=\"\" width=\"1920\" height=\"1280\" srcset=\"https:\/\/www.klb-koetztal.de\/app\/uploads\/2025\/07\/klb-koetztal-ichenhausen-firmengeschichte-labor-anbau.jpg 1920w, https:\/\/www.klb-koetztal.de\/app\/uploads\/2025\/07\/klb-koetztal-ichenhausen-firmengeschichte-labor-anbau-500x333.jpg 500w, https:\/\/www.klb-koetztal.de\/app\/uploads\/2025\/07\/klb-koetztal-ichenhausen-firmengeschichte-labor-anbau-1536x1024.jpg 1536w, https:\/\/www.klb-koetztal.de\/app\/uploads\/2025\/07\/klb-koetztal-ichenhausen-firmengeschichte-labor-anbau-600x400.jpg 600w\" sizes=\"auto, (max-width: 1920px) 100vw, 1920px\" \/><\/p>\n","width":"4","background_color_text":"bg-none","border_color":"border-none"},{"text":"<p><img loading=\"lazy\" decoding=\"async\" class=\"alignnone wp-image-66088 size-full\" src=\"https:\/\/www.klb-koetztal.de\/app\/uploads\/2025\/07\/klb-koetztal-ichenhausen-firmengeschichte-labor.jpg\" alt=\"\" width=\"1920\" height=\"1280\" srcset=\"https:\/\/www.klb-koetztal.de\/app\/uploads\/2025\/07\/klb-koetztal-ichenhausen-firmengeschichte-labor.jpg 1920w, https:\/\/www.klb-koetztal.de\/app\/uploads\/2025\/07\/klb-koetztal-ichenhausen-firmengeschichte-labor-500x333.jpg 500w, https:\/\/www.klb-koetztal.de\/app\/uploads\/2025\/07\/klb-koetztal-ichenhausen-firmengeschichte-labor-1536x1024.jpg 1536w, https:\/\/www.klb-koetztal.de\/app\/uploads\/2025\/07\/klb-koetztal-ichenhausen-firmengeschichte-labor-600x400.jpg 600w\" sizes=\"auto, (max-width: 1920px) 100vw, 1920px\" \/><\/p>\n","width":"4","background_color_text":"bg-none","border_color":"border-none"},{"text":"<p>\u00a0<\/p>\n<p>\u00a0<\/p>\n<p>\u00a0<\/p>\n","width":"12","background_color_text":"bg-none","border_color":"border-none"},{"text":"<p><img loading=\"lazy\" decoding=\"async\" class=\"alignnone wp-image-67171 size-full\" src=\"https:\/\/www.klb-koetztal.de\/app\/uploads\/2025\/08\/klb-koetztal-ichenhausen-baustelle-neue-halle-1920x1280px-2.jpg\" alt=\"\" width=\"1920\" height=\"1280\" srcset=\"https:\/\/www.klb-koetztal.de\/app\/uploads\/2025\/08\/klb-koetztal-ichenhausen-baustelle-neue-halle-1920x1280px-2.jpg 1920w, https:\/\/www.klb-koetztal.de\/app\/uploads\/2025\/08\/klb-koetztal-ichenhausen-baustelle-neue-halle-1920x1280px-2-500x333.jpg 500w, https:\/\/www.klb-koetztal.de\/app\/uploads\/2025\/08\/klb-koetztal-ichenhausen-baustelle-neue-halle-1920x1280px-2-1536x1024.jpg 1536w, https:\/\/www.klb-koetztal.de\/app\/uploads\/2025\/08\/klb-koetztal-ichenhausen-baustelle-neue-halle-1920x1280px-2-600x400.jpg 600w\" sizes=\"auto, (max-width: 1920px) 100vw, 1920px\" \/><\/p>\n","width":"4","background_color_text":"bg-none","border_color":"border-none"},{"text":"<p><img loading=\"lazy\" decoding=\"async\" class=\"alignnone wp-image-67174 size-full\" src=\"https:\/\/www.klb-koetztal.de\/app\/uploads\/2025\/08\/klb-koetztal-ichenhausen-baustelle-neue-halle-1920x1280px-3.jpg\" alt=\"\" width=\"1920\" height=\"1280\" srcset=\"https:\/\/www.klb-koetztal.de\/app\/uploads\/2025\/08\/klb-koetztal-ichenhausen-baustelle-neue-halle-1920x1280px-3.jpg 1920w, https:\/\/www.klb-koetztal.de\/app\/uploads\/2025\/08\/klb-koetztal-ichenhausen-baustelle-neue-halle-1920x1280px-3-500x333.jpg 500w, https:\/\/www.klb-koetztal.de\/app\/uploads\/2025\/08\/klb-koetztal-ichenhausen-baustelle-neue-halle-1920x1280px-3-1536x1024.jpg 1536w, https:\/\/www.klb-koetztal.de\/app\/uploads\/2025\/08\/klb-koetztal-ichenhausen-baustelle-neue-halle-1920x1280px-3-600x400.jpg 600w\" sizes=\"auto, (max-width: 1920px) 100vw, 1920px\" \/><\/p>\n","width":"4","background_color_text":"bg-none","border_color":"border-none"},{"text":"<h1>2007<\/h1>\n<p>KLB pr\u00e9voit d\u2019investir massivement dans l\u2019extension de ses infrastructures et de ses technologies de production. Outre les b\u00e2timents, une nouvelle ligne de remplissage et une zone de pr\u00e9paration de commandes reli\u00e9e \u00e0 un entrep\u00f4t automatis\u00e9 seront install\u00e9es dans les halls au cours des cinq prochaines ann\u00e9es. La planification de la production, la gestion des stocks et le traitement des commandes seront enti\u00e8rement num\u00e9ris\u00e9s.  <\/p>\n<p>Dans le but d\u2019optimiser davantage les processus de fabrication, l\u2019unit\u00e9 de r\u00e9sines \u00e9poxy sera agrandie et \u00e9quip\u00e9e de nouvelles machines.<\/p>\n<p>Un moment fort de notre gamme produit en 2007 : le CHEMORESIN PU-BETON, un rev\u00eatement de sol r\u00e9sistant \u00e0 l\u2019eau chaude, con\u00e7u sp\u00e9cialement pour l\u2019industrie alimentaire (transformation de produits alimentaires, de boissons et de viande).<\/p>\n<p>\u00a0<\/p>\n<p>\u00a0<\/p>\n","width":"4","background_color_text":"bg-none","border_color":"border-none"},{"text":"<p>\u00a0<\/p>\n<p>\u00a0<\/p>\n<p>\u00a0<\/p>\n","width":"12","background_color_text":"bg-none","border_color":"border-none"},{"text":"<h1 data-start=\"855\" data-end=\"869\"><strong data-start=\"859\" data-end=\"867\">2013<\/strong><\/h1>\n<p>Dans le cadre des travaux de construction de grande envergure \u2013 qui ont permis \u00e0 l\u2019\u00e9poque de doubler la surface de production \u2013 une tour de m\u00e9lange est en cours de construction. Cette tour, d\u00e9sormais symbole de l\u2019entreprise, servira \u00e0 la fabrication de produits secs de haute qualit\u00e9. <\/p>\n<p data-start=\"870\" data-end=\"1044\">Parall\u00e8lement, KLB introduit plusieurs rev\u00eatements certifi\u00e9s \u00e0 faibles \u00e9missions. Ceux-ci r\u00e9pondent aux exigences croissantes en mati\u00e8re de protection de la sant\u00e9 et sont adapt\u00e9s \u00e0 une utilisation dans les espaces de d\u00e9tente et de vie collective \u2013 un nouveau standard qui a depuis \u00e9t\u00e9 int\u00e9gr\u00e9 dans le r\u00e8glement-type de construction. <\/p>\n","width":"4","background_color_text":"bg-none","border_color":"border-none"},{"text":"<p><img loading=\"lazy\" decoding=\"async\" class=\"alignnone wp-image-66157 size-full\" src=\"https:\/\/www.klb-koetztal.de\/app\/uploads\/2025\/07\/klb-koetztal-ichenhausen-firmengeschichte-hallenerweiterung4.jpg\" alt=\"\" width=\"1920\" height=\"1280\" srcset=\"https:\/\/www.klb-koetztal.de\/app\/uploads\/2025\/07\/klb-koetztal-ichenhausen-firmengeschichte-hallenerweiterung4.jpg 1920w, https:\/\/www.klb-koetztal.de\/app\/uploads\/2025\/07\/klb-koetztal-ichenhausen-firmengeschichte-hallenerweiterung4-500x333.jpg 500w, https:\/\/www.klb-koetztal.de\/app\/uploads\/2025\/07\/klb-koetztal-ichenhausen-firmengeschichte-hallenerweiterung4-1536x1024.jpg 1536w, https:\/\/www.klb-koetztal.de\/app\/uploads\/2025\/07\/klb-koetztal-ichenhausen-firmengeschichte-hallenerweiterung4-600x400.jpg 600w\" sizes=\"auto, (max-width: 1920px) 100vw, 1920px\" \/><\/p>\n","width":"4","background_color_text":"bg-none","border_color":"border-none"},{"text":"<p><img loading=\"lazy\" decoding=\"async\" class=\"alignnone wp-image-66141 size-full\" src=\"https:\/\/www.klb-koetztal.de\/app\/uploads\/2025\/07\/klb-koetztal-ichenhausen-firmengeschichte-trockenmischturm.jpg\" alt=\"\" width=\"1920\" height=\"1280\" srcset=\"https:\/\/www.klb-koetztal.de\/app\/uploads\/2025\/07\/klb-koetztal-ichenhausen-firmengeschichte-trockenmischturm.jpg 1920w, https:\/\/www.klb-koetztal.de\/app\/uploads\/2025\/07\/klb-koetztal-ichenhausen-firmengeschichte-trockenmischturm-500x333.jpg 500w, https:\/\/www.klb-koetztal.de\/app\/uploads\/2025\/07\/klb-koetztal-ichenhausen-firmengeschichte-trockenmischturm-1536x1024.jpg 1536w, https:\/\/www.klb-koetztal.de\/app\/uploads\/2025\/07\/klb-koetztal-ichenhausen-firmengeschichte-trockenmischturm-600x400.jpg 600w\" sizes=\"auto, (max-width: 1920px) 100vw, 1920px\" \/><\/p>\n","width":"4","background_color_text":"bg-none","border_color":"border-none"},{"text":"<p>\u00a0<\/p>\n<p>\u00a0<\/p>\n<p>\u00a0<\/p>\n","width":"12","background_color_text":"bg-none","border_color":"border-none"},{"text":"<p><img loading=\"lazy\" decoding=\"async\" class=\"alignnone wp-image-66168 size-full\" src=\"https:\/\/www.klb-koetztal.de\/app\/uploads\/2025\/07\/klb-koetztal-ichenhausen-firmengeschichte-spatenstich-verwaltungsgebaeude.jpg\" alt=\"\" width=\"1920\" height=\"1280\" srcset=\"https:\/\/www.klb-koetztal.de\/app\/uploads\/2025\/07\/klb-koetztal-ichenhausen-firmengeschichte-spatenstich-verwaltungsgebaeude.jpg 1920w, https:\/\/www.klb-koetztal.de\/app\/uploads\/2025\/07\/klb-koetztal-ichenhausen-firmengeschichte-spatenstich-verwaltungsgebaeude-500x333.jpg 500w, https:\/\/www.klb-koetztal.de\/app\/uploads\/2025\/07\/klb-koetztal-ichenhausen-firmengeschichte-spatenstich-verwaltungsgebaeude-1536x1024.jpg 1536w, https:\/\/www.klb-koetztal.de\/app\/uploads\/2025\/07\/klb-koetztal-ichenhausen-firmengeschichte-spatenstich-verwaltungsgebaeude-600x400.jpg 600w\" sizes=\"auto, (max-width: 1920px) 100vw, 1920px\" \/><\/p>\n","width":"4","background_color_text":"bg-none","border_color":"border-none"},{"text":"<p><img loading=\"lazy\" decoding=\"async\" class=\"alignnone wp-image-66116 size-full\" src=\"https:\/\/www.klb-koetztal.de\/app\/uploads\/2025\/07\/klb-koetztal-ichenhausen-firmengeschichte-fertigstellung-schulungs-verwaltungsgebaeude.jpg\" alt=\"\" width=\"1920\" height=\"1280\" srcset=\"https:\/\/www.klb-koetztal.de\/app\/uploads\/2025\/07\/klb-koetztal-ichenhausen-firmengeschichte-fertigstellung-schulungs-verwaltungsgebaeude.jpg 1920w, https:\/\/www.klb-koetztal.de\/app\/uploads\/2025\/07\/klb-koetztal-ichenhausen-firmengeschichte-fertigstellung-schulungs-verwaltungsgebaeude-500x333.jpg 500w, https:\/\/www.klb-koetztal.de\/app\/uploads\/2025\/07\/klb-koetztal-ichenhausen-firmengeschichte-fertigstellung-schulungs-verwaltungsgebaeude-1536x1024.jpg 1536w, https:\/\/www.klb-koetztal.de\/app\/uploads\/2025\/07\/klb-koetztal-ichenhausen-firmengeschichte-fertigstellung-schulungs-verwaltungsgebaeude-600x400.jpg 600w\" sizes=\"auto, (max-width: 1920px) 100vw, 1920px\" \/><\/p>\n","width":"4","background_color_text":"bg-none","border_color":"border-none"},{"text":"<h1 data-start=\"1641\" data-end=\"1655\"><strong data-start=\"1645\" data-end=\"1653\">2016<\/strong><\/h1>\n<p data-start=\"1656\" data-end=\"1832\">Apr\u00e8s la pose de la premi\u00e8re pierre en 2012, le nouveau b\u00e2timent de formation et d\u2019administration est inaugur\u00e9 quatre ans plus tard.<\/p>\n<p data-start=\"1656\" data-end=\"1832\">L\u2019int\u00e9rieur met en valeur de nombreux syst\u00e8mes d\u00e9coratifs KLB, \u00e0 la fois comme applications et comme salle d\u2019exposition.<\/p>\n","width":"4","background_color_text":"bg-none","border_color":"border-none"},{"text":"<p>\u00a0<\/p>\n<p>\u00a0<\/p>\n<p>\u00a0<\/p>\n","width":"12","background_color_text":"bg-none","border_color":"border-none"},{"text":"<h1 data-start=\"1641\" data-end=\"1655\"><strong data-start=\"1645\" data-end=\"1653\">2016<\/strong><\/h1>\n<p data-start=\"1656\" data-end=\"1832\">La m\u00eame ann\u00e9e, un nouveau b\u00e2timent est construit le long de la G\u00fcnztalstra\u00dfe, comprenant de spacieux locaux sociaux pour la pr\u00e9paration du travail, la maintenance et, dans un premier temps, l\u2019imprimerie interne.<\/p>\n","width":"4","background_color_text":"bg-none","border_color":"border-none"},{"text":"<p><img loading=\"lazy\" decoding=\"async\" class=\"alignnone wp-image-66122 size-full\" src=\"https:\/\/www.klb-koetztal.de\/app\/uploads\/2025\/07\/klb-koetztal-ichenhausen-firmengeschichte-sozialgebaeude-guenztalstrasse.jpg\" alt=\"\" width=\"1920\" height=\"1280\" srcset=\"https:\/\/www.klb-koetztal.de\/app\/uploads\/2025\/07\/klb-koetztal-ichenhausen-firmengeschichte-sozialgebaeude-guenztalstrasse.jpg 1920w, https:\/\/www.klb-koetztal.de\/app\/uploads\/2025\/07\/klb-koetztal-ichenhausen-firmengeschichte-sozialgebaeude-guenztalstrasse-500x333.jpg 500w, https:\/\/www.klb-koetztal.de\/app\/uploads\/2025\/07\/klb-koetztal-ichenhausen-firmengeschichte-sozialgebaeude-guenztalstrasse-1536x1024.jpg 1536w, https:\/\/www.klb-koetztal.de\/app\/uploads\/2025\/07\/klb-koetztal-ichenhausen-firmengeschichte-sozialgebaeude-guenztalstrasse-600x400.jpg 600w\" sizes=\"auto, (max-width: 1920px) 100vw, 1920px\" \/><\/p>\n","width":"4","background_color_text":"bg-none","border_color":"border-none"},{"text":"<p><img loading=\"lazy\" decoding=\"async\" class=\"alignnone wp-image-66172 size-full\" src=\"https:\/\/www.klb-koetztal.de\/app\/uploads\/2025\/07\/klb-koetztal-ichenhausen-firmengeschichte-sozialgebaeude-erweiterung.jpg\" alt=\"\" width=\"1920\" height=\"1280\" srcset=\"https:\/\/www.klb-koetztal.de\/app\/uploads\/2025\/07\/klb-koetztal-ichenhausen-firmengeschichte-sozialgebaeude-erweiterung.jpg 1920w, https:\/\/www.klb-koetztal.de\/app\/uploads\/2025\/07\/klb-koetztal-ichenhausen-firmengeschichte-sozialgebaeude-erweiterung-500x333.jpg 500w, https:\/\/www.klb-koetztal.de\/app\/uploads\/2025\/07\/klb-koetztal-ichenhausen-firmengeschichte-sozialgebaeude-erweiterung-1536x1024.jpg 1536w, https:\/\/www.klb-koetztal.de\/app\/uploads\/2025\/07\/klb-koetztal-ichenhausen-firmengeschichte-sozialgebaeude-erweiterung-600x400.jpg 600w\" sizes=\"auto, (max-width: 1920px) 100vw, 1920px\" \/><\/p>\n","width":"4","background_color_text":"bg-none","border_color":"border-none"},{"text":"<p>\u00a0<\/p>\n<p>\u00a0<\/p>\n<p>\u00a0<\/p>\n","width":"12","background_color_text":"bg-none","border_color":"border-none"},{"text":"<p><img loading=\"lazy\" decoding=\"async\" class=\"alignnone wp-image-66110 size-full\" src=\"https:\/\/www.klb-koetztal.de\/app\/uploads\/2025\/07\/klb-koetztal-ichenhausen-firmengeschichte-bau-halle-2-modernisierung-produktion-fertigungshalle.jpg\" alt=\"\" width=\"1920\" height=\"1280\" srcset=\"https:\/\/www.klb-koetztal.de\/app\/uploads\/2025\/07\/klb-koetztal-ichenhausen-firmengeschichte-bau-halle-2-modernisierung-produktion-fertigungshalle.jpg 1920w, https:\/\/www.klb-koetztal.de\/app\/uploads\/2025\/07\/klb-koetztal-ichenhausen-firmengeschichte-bau-halle-2-modernisierung-produktion-fertigungshalle-500x333.jpg 500w, https:\/\/www.klb-koetztal.de\/app\/uploads\/2025\/07\/klb-koetztal-ichenhausen-firmengeschichte-bau-halle-2-modernisierung-produktion-fertigungshalle-1536x1024.jpg 1536w, https:\/\/www.klb-koetztal.de\/app\/uploads\/2025\/07\/klb-koetztal-ichenhausen-firmengeschichte-bau-halle-2-modernisierung-produktion-fertigungshalle-600x400.jpg 600w\" sizes=\"auto, (max-width: 1920px) 100vw, 1920px\" \/><\/p>\n","width":"4","background_color_text":"bg-none","border_color":"border-none"},{"text":"<p><img loading=\"lazy\" decoding=\"async\" class=\"alignnone wp-image-66197 size-full\" src=\"https:\/\/www.klb-koetztal.de\/app\/uploads\/2025\/07\/klb-koetztal-ichenhausen-firmengeschichte-halle-produktion-tanks.jpg\" alt=\"\" width=\"1920\" height=\"1280\" srcset=\"https:\/\/www.klb-koetztal.de\/app\/uploads\/2025\/07\/klb-koetztal-ichenhausen-firmengeschichte-halle-produktion-tanks.jpg 1920w, https:\/\/www.klb-koetztal.de\/app\/uploads\/2025\/07\/klb-koetztal-ichenhausen-firmengeschichte-halle-produktion-tanks-500x333.jpg 500w, https:\/\/www.klb-koetztal.de\/app\/uploads\/2025\/07\/klb-koetztal-ichenhausen-firmengeschichte-halle-produktion-tanks-1536x1024.jpg 1536w, https:\/\/www.klb-koetztal.de\/app\/uploads\/2025\/07\/klb-koetztal-ichenhausen-firmengeschichte-halle-produktion-tanks-600x400.jpg 600w\" sizes=\"auto, (max-width: 1920px) 100vw, 1920px\" \/><\/p>\n","width":"4","background_color_text":"bg-none","border_color":"border-none"},{"text":"<h1>2019<\/h1>\n<p>Le nouveau b\u00e2timent de production, situ\u00e9 entre l\u2019ancienne administration et l\u2019entrep\u00f4t \u00e0 haus rayonnages est achev\u00e9.<\/p>\n<p>Il abrite une unit\u00e9 de fabrication automatis\u00e9e pour la production de rev\u00eatements en r\u00e9sine \u00e9poxy et en polyur\u00e9thane.<\/p>\n","width":"4","background_color_text":"bg-none","border_color":"border-none"},{"text":"<p>\u00a0<\/p>\n<p>\u00a0<\/p>\n<p>\u00a0<\/p>\n","width":"12","background_color_text":"bg-none","border_color":"border-none"},{"text":"<h1 data-start=\"2541\" data-end=\"2555\"><strong data-start=\"2545\" data-end=\"2553\">2021<\/strong><\/h1>\n<p data-start=\"2556\" data-end=\"2713\">Patrick Kehrle et Dr Julian Kehrle, jusqu\u2019alors fond\u00e9s de pouvoir, rejoignent la direction de l\u2019entreprise aux c\u00f4t\u00e9s de leur p\u00e8re Artur Kehrle. Tobias Schorer int\u00e9grera l\u2019\u00e9quipe de direction peu apr\u00e8s. <\/p>\n","width":"8","background_color_text":"bg-none","border_color":"border-none"},{"text":"<p><img loading=\"lazy\" decoding=\"async\" class=\"alignnone wp-image-66107 size-full\" src=\"https:\/\/www.klb-koetztal.de\/app\/uploads\/2025\/07\/familienbetrieb-ichenhausen-klb-koetztal-beschichtungen-boden-verlegen-landkreis-guenzburg-betrieb-jobs-1080x800px.jpg\" alt=\"\" width=\"1080\" height=\"800\" srcset=\"https:\/\/www.klb-koetztal.de\/app\/uploads\/2025\/07\/familienbetrieb-ichenhausen-klb-koetztal-beschichtungen-boden-verlegen-landkreis-guenzburg-betrieb-jobs-1080x800px.jpg 1080w, https:\/\/www.klb-koetztal.de\/app\/uploads\/2025\/07\/familienbetrieb-ichenhausen-klb-koetztal-beschichtungen-boden-verlegen-landkreis-guenzburg-betrieb-jobs-1080x800px-500x370.jpg 500w, https:\/\/www.klb-koetztal.de\/app\/uploads\/2025\/07\/familienbetrieb-ichenhausen-klb-koetztal-beschichtungen-boden-verlegen-landkreis-guenzburg-betrieb-jobs-1080x800px-600x444.jpg 600w\" sizes=\"auto, (max-width: 1080px) 100vw, 1080px\" \/><\/p>\n","width":"4","background_color_text":"bg-none","border_color":"border-none"},{"text":"<p>\u00a0<\/p>\n<p>\u00a0<\/p>\n<p>\u00a0<\/p>\n","width":"12","background_color_text":"bg-none","border_color":"border-none"},{"text":"<p><img loading=\"lazy\" decoding=\"async\" class=\"alignnone wp-image-66200 size-full\" src=\"https:\/\/www.klb-koetztal.de\/app\/uploads\/2025\/07\/klb-koetztal-ichenhausen-firmengeschichte-halle-20-erweiterung.jpg\" alt=\"\" width=\"1920\" height=\"1280\" srcset=\"https:\/\/www.klb-koetztal.de\/app\/uploads\/2025\/07\/klb-koetztal-ichenhausen-firmengeschichte-halle-20-erweiterung.jpg 1920w, https:\/\/www.klb-koetztal.de\/app\/uploads\/2025\/07\/klb-koetztal-ichenhausen-firmengeschichte-halle-20-erweiterung-500x333.jpg 500w, https:\/\/www.klb-koetztal.de\/app\/uploads\/2025\/07\/klb-koetztal-ichenhausen-firmengeschichte-halle-20-erweiterung-1536x1024.jpg 1536w, https:\/\/www.klb-koetztal.de\/app\/uploads\/2025\/07\/klb-koetztal-ichenhausen-firmengeschichte-halle-20-erweiterung-600x400.jpg 600w\" sizes=\"auto, (max-width: 1920px) 100vw, 1920px\" \/><\/p>\n","width":"4","background_color_text":"bg-none","border_color":"border-none"},{"text":"<p><img loading=\"lazy\" decoding=\"async\" class=\"alignnone wp-image-66126 size-full\" src=\"https:\/\/www.klb-koetztal.de\/app\/uploads\/2025\/07\/klb-koetztal-ichenhausen-firmengeschichte-fertigstellung-halle-20-lager-kommissionierhalle.jpg\" alt=\"\" width=\"1920\" height=\"1280\" srcset=\"https:\/\/www.klb-koetztal.de\/app\/uploads\/2025\/07\/klb-koetztal-ichenhausen-firmengeschichte-fertigstellung-halle-20-lager-kommissionierhalle.jpg 1920w, https:\/\/www.klb-koetztal.de\/app\/uploads\/2025\/07\/klb-koetztal-ichenhausen-firmengeschichte-fertigstellung-halle-20-lager-kommissionierhalle-500x333.jpg 500w, https:\/\/www.klb-koetztal.de\/app\/uploads\/2025\/07\/klb-koetztal-ichenhausen-firmengeschichte-fertigstellung-halle-20-lager-kommissionierhalle-1536x1024.jpg 1536w, https:\/\/www.klb-koetztal.de\/app\/uploads\/2025\/07\/klb-koetztal-ichenhausen-firmengeschichte-fertigstellung-halle-20-lager-kommissionierhalle-600x400.jpg 600w\" sizes=\"auto, (max-width: 1920px) 100vw, 1920px\" \/><\/p>\n","width":"4","background_color_text":"bg-none","border_color":"border-none"},{"text":"<h1 data-start=\"2541\" data-end=\"2555\"><strong data-start=\"2545\" data-end=\"2553\">2025<\/strong><\/h1>\n<p data-start=\"2556\" data-end=\"2713\">Ach\u00e8vement et mise en service d\u2019un nouveau hall de stockage et de pr\u00e9paration des commandes \u00e0 deux niveaux, comprenant une aile administrative. Ces infrastructures posent la base d\u2019une nouvelle phase de croissance. <\/p>\n","width":"4","background_color_text":"bg-none","border_color":"border-none"},{"text":"<p>\u00a0<\/p>\n<p>\u00a0<\/p>\n<p>\u00a0<\/p>\n<p>\u00a0<\/p>\n<p>\u00a0<\/p>\n","width":"12","background_color_text":"bg-none","border_color":"border-none"},{"text":"<h1 data-start=\"2720\" data-end=\"2734\"><strong data-start=\"2724\" data-end=\"2732\">2025<\/strong><\/h1>\n<p data-start=\"2735\" data-end=\"2971\">La transmission de l\u2019entreprise s\u2019effectue dans la m\u00eame ann\u00e9e : Les fondateurs Erwin et Artur Kehrle passent le relais \u00e0 la g\u00e9n\u00e9ration repr\u00e9sent\u00e9e par Dr Julian Kehrle, Patrick Kehrle et Tobias Schorer.<\/p>\n<p data-start=\"2735\" data-end=\"2971\">KLB c\u00e9l\u00e8bre son 30e anniversaire avec une soir\u00e9e festive, une journ\u00e9e portes ouvertes et une <strong><a href=\"https:\/\/www.klb-koetztal.de\/neuigkeiten\/aktuelles\/spendenuebergabe-jubilaeum-2025\/#spendenaktion\" target=\"_blank\" rel=\"noopener\">collecte solidaire<\/a><\/strong>. Au total, 18 000 euros sont revers\u00e9s \u00e0 des organisations caritatives \u2013 un geste fort de gratitude et d\u2019engagement social. <\/p>\n<p data-start=\"2735\" data-end=\"2971\">Retrouvez plus d\u2019impressions de la soir\u00e9e anniversaire et de la journ\u00e9e portes ouvertes dans la <strong><a href=\"https:\/\/www.klb-koetztal.de\/neuigkeiten\/veranstaltungen\/jubilaeum-30-jahre\/#bildergalerie\" target=\"_blank\" rel=\"noopener\">galerie photos<\/a><\/strong>.<\/p>\n","width":"4","background_color_text":"bg-none","border_color":"border-none"},{"text":"<p><img loading=\"lazy\" decoding=\"async\" class=\"alignnone wp-image-66194 size-full\" src=\"https:\/\/www.klb-koetztal.de\/app\/uploads\/2025\/07\/klb-koetztal-ichenhausen-firmengeschichte-firmengruender-kehrle-erwin-und-artur.jpg\" alt=\"\" width=\"1920\" height=\"1280\" srcset=\"https:\/\/www.klb-koetztal.de\/app\/uploads\/2025\/07\/klb-koetztal-ichenhausen-firmengeschichte-firmengruender-kehrle-erwin-und-artur.jpg 1920w, https:\/\/www.klb-koetztal.de\/app\/uploads\/2025\/07\/klb-koetztal-ichenhausen-firmengeschichte-firmengruender-kehrle-erwin-und-artur-500x333.jpg 500w, https:\/\/www.klb-koetztal.de\/app\/uploads\/2025\/07\/klb-koetztal-ichenhausen-firmengeschichte-firmengruender-kehrle-erwin-und-artur-1536x1024.jpg 1536w, https:\/\/www.klb-koetztal.de\/app\/uploads\/2025\/07\/klb-koetztal-ichenhausen-firmengeschichte-firmengruender-kehrle-erwin-und-artur-600x400.jpg 600w\" sizes=\"auto, (max-width: 1920px) 100vw, 1920px\" \/><\/p>\n","width":"4","background_color_text":"bg-none","border_color":"border-none"},{"text":"<p><img loading=\"lazy\" decoding=\"async\" class=\"alignnone wp-image-65889 size-full\" src=\"https:\/\/www.klb-koetztal.de\/app\/uploads\/2025\/06\/klb-jubilaeum-30-jahre-3.jpg\" alt=\"\" width=\"1920\" height=\"1280\" srcset=\"https:\/\/www.klb-koetztal.de\/app\/uploads\/2025\/06\/klb-jubilaeum-30-jahre-3.jpg 1920w, https:\/\/www.klb-koetztal.de\/app\/uploads\/2025\/06\/klb-jubilaeum-30-jahre-3-500x333.jpg 500w, https:\/\/www.klb-koetztal.de\/app\/uploads\/2025\/06\/klb-jubilaeum-30-jahre-3-1536x1024.jpg 1536w, https:\/\/www.klb-koetztal.de\/app\/uploads\/2025\/06\/klb-jubilaeum-30-jahre-3-600x400.jpg 600w\" sizes=\"auto, (max-width: 1920px) 100vw, 1920px\" \/><\/p>\n","width":"4","background_color_text":"bg-none","border_color":"border-none"},{"text":"<p>\u00a0<\/p>\n<p>\u00a0<\/p>\n<p>\u00a0<\/p>\n","width":"12","background_color_text":"bg-none","border_color":"border-none"}],"match_height":false,"vertical_align":false,"share_buttons":false,"background_color":"bg-gray-light","background_color_content":"bg-none"}},{"acf_fc_layout":"module_grid_text","module_grid_text":{"":null,"prototype_headline":{"headline":"Nos valeurs","h1":false,"subheadline":"","anchor":"KLB-sp\u00e9cialiste-de-syst\u00e8me","url":{"title":"","url":"","target":"","0":""}},"slider":true,"content":[{"text":"<p style=\"text-align: center;\"><img loading=\"lazy\" decoding=\"async\" class=\"aligncenter wp-image-40747 size-full\" src=\"https:\/\/www.klb-koetztal.de\/app\/uploads\/2021\/03\/KLB-Lackebeschichtungen-wir-ueber-uns-Beschichtungssysteme-KLB-ihr-Systemanbieter-1-300x300-1.png\" alt=\"\" width=\"300\" height=\"300\" srcset=\"https:\/\/www.klb-koetztal.de\/app\/uploads\/2021\/03\/KLB-Lackebeschichtungen-wir-ueber-uns-Beschichtungssysteme-KLB-ihr-Systemanbieter-1-300x300-1.png 300w, https:\/\/www.klb-koetztal.de\/app\/uploads\/2021\/03\/KLB-Lackebeschichtungen-wir-ueber-uns-Beschichtungssysteme-KLB-ihr-Systemanbieter-1-300x300-1-150x150.png 150w, https:\/\/www.klb-koetztal.de\/app\/uploads\/2021\/03\/KLB-Lackebeschichtungen-wir-ueber-uns-Beschichtungssysteme-KLB-ihr-Systemanbieter-1-300x300-1-100x100.png 100w\" sizes=\"auto, (max-width: 300px) 100vw, 300px\" \/><\/p>\n<p style=\"text-align: center;\"><strong>KLB K\u00f6tztal \u2013 votre sp\u00e9cialiste de syst\u00e8me<\/strong><\/p>\n<p style=\"text-align: center;\">KLB K\u00f6tztal est l\u2019inventeur de solutions parfaites quand il s\u2019agit de sols commerciaux ou industriels en r\u00e9sines r\u00e9actives. Les solutions syst\u00e8me coordonn\u00e9es proviennent toutes d\u2019un seul et m\u00eame fournisseur, ce qui offre un maximum de performance et d\u2019efficacit\u00e9. Notre large gamme est s\u00fbre d\u2019\u00e9galement r\u00e9pondre \u00e0 vos besoins individuels.  <\/p>\n<p style=\"text-align: center;\">Mais que faire si vous ne trouvez pas parmi elle la solution qui vous convient ? Vous avez des exigences particuli\u00e8res ? Nous sommes toujours heureux \u00e0 prendre en compte vos demandes et de d\u00e9velopper ensuite des solutions pour elles.  <\/p>\n","width":"3","background_color_text":"bg-none","border_color":"border-none"},{"text":"<p style=\"text-align: center;\"><img loading=\"lazy\" decoding=\"async\" class=\"aligncenter wp-image-40744 size-full\" src=\"https:\/\/www.klb-koetztal.de\/app\/uploads\/2021\/03\/KLB-Lackebeschichtungen-wir-ueber-uns-Beschichtungssysteme-KLB-innovation-ideen-technik-300x300-1.png\" alt=\"\" width=\"300\" height=\"300\" srcset=\"https:\/\/www.klb-koetztal.de\/app\/uploads\/2021\/03\/KLB-Lackebeschichtungen-wir-ueber-uns-Beschichtungssysteme-KLB-innovation-ideen-technik-300x300-1.png 300w, https:\/\/www.klb-koetztal.de\/app\/uploads\/2021\/03\/KLB-Lackebeschichtungen-wir-ueber-uns-Beschichtungssysteme-KLB-innovation-ideen-technik-300x300-1-150x150.png 150w, https:\/\/www.klb-koetztal.de\/app\/uploads\/2021\/03\/KLB-Lackebeschichtungen-wir-ueber-uns-Beschichtungssysteme-KLB-innovation-ideen-technik-300x300-1-100x100.png 100w\" sizes=\"auto, (max-width: 300px) 100vw, 300px\" \/><\/p>\n<p style=\"text-align: center;\"><strong>KLB recherche et d\u00e9veloppe<\/strong><\/p>\n<p style=\"text-align: center;\">Nous n\u2019aimons pas laisser les besoins de nos clients sans r\u00e9ponse ! Et nous le pensons litt\u00e9ralement. Gr\u00e2ce \u00e0 notre propre d\u00e9partement de recherche et de d\u00e9veloppement, nous avons la possibilit\u00e9 de vous proposer des solutions pour toutes vos exigences.  <\/p>\n<p style=\"text-align: center;\">Notre entreprise s\u2019est toujours attach\u00e9e \u00e0 fournir aux clients les solutions les plus appropri\u00e9es, et cela reste encore aujourd\u2019hui notre priorit\u00e9 absolue.<\/p>\n","width":"3","background_color_text":"bg-none","border_color":"border-none"},{"text":"<p style=\"text-align: center;\"><img loading=\"lazy\" decoding=\"async\" class=\"aligncenter wp-image-40741 size-full\" src=\"https:\/\/www.klb-koetztal.de\/app\/uploads\/2021\/03\/KLB-Lackebeschichtungen-wir-ueber-uns-Beschichtungssysteme-KLB-Wir-begeistern-Kunden-300x300-1.png\" alt=\"\" width=\"300\" height=\"300\" srcset=\"https:\/\/www.klb-koetztal.de\/app\/uploads\/2021\/03\/KLB-Lackebeschichtungen-wir-ueber-uns-Beschichtungssysteme-KLB-Wir-begeistern-Kunden-300x300-1.png 300w, https:\/\/www.klb-koetztal.de\/app\/uploads\/2021\/03\/KLB-Lackebeschichtungen-wir-ueber-uns-Beschichtungssysteme-KLB-Wir-begeistern-Kunden-300x300-1-150x150.png 150w, https:\/\/www.klb-koetztal.de\/app\/uploads\/2021\/03\/KLB-Lackebeschichtungen-wir-ueber-uns-Beschichtungssysteme-KLB-Wir-begeistern-Kunden-300x300-1-100x100.png 100w\" sizes=\"auto, (max-width: 300px) 100vw, 300px\" \/><\/p>\n<p style=\"text-align: center;\"><strong>KLB K\u00f6tztal ravit les clients<\/strong><\/p>\n<p style=\"text-align: center;\">Notre service commercial se fera un plaisir de recueillir les demandes et exigences individuelles de nos clients. En \u00e9troite collaboration entre nos techniciens et chimistes, nous pouvons transformer votre sol id\u00e9al en r\u00e9alit\u00e9 avec la bonne solution syst\u00e8me. Nous optimisons en permanence nos processus internes afin de pouvoir traiter vos commandes de mani\u00e8re s\u00fbre et rapide.  <\/p>\n<p style=\"text-align: center;\">Les employ\u00e9s commerciaux de KLB poss\u00e8dent une longue exp\u00e9rience, ce qui en fait un point de contact fiable et une source de conseils hautement professionnels. Nos collaborateurs des services technico-commercial et apr\u00e8s-vente veillent \u00e9galement \u00e0 ce que vous receviez un soutien optimal avec les meilleures solutions techniques, soit en forme d\u2019offres, de consultations ou de leur assistance en cas de r\u00e9clamations. <\/p>\n<p style=\"text-align: center;\">\n","width":"3","background_color_text":"bg-none","border_color":"border-none"},{"text":"<p style=\"text-align: center;\"><img loading=\"lazy\" decoding=\"async\" class=\"aligncenter wp-image-40738 size-full\" src=\"https:\/\/www.klb-koetztal.de\/app\/uploads\/2021\/03\/KLB-Lackebeschichtungen-wir-ueber-uns-Beschichtungssysteme-KLB-gepru\u0308fte-qualita\u0308t-zertifikate-unser-versprechen-300x300-1.png\" alt=\"\" width=\"300\" height=\"300\" srcset=\"https:\/\/www.klb-koetztal.de\/app\/uploads\/2021\/03\/KLB-Lackebeschichtungen-wir-ueber-uns-Beschichtungssysteme-KLB-gepru\u0308fte-qualita\u0308t-zertifikate-unser-versprechen-300x300-1.png 300w, https:\/\/www.klb-koetztal.de\/app\/uploads\/2021\/03\/KLB-Lackebeschichtungen-wir-ueber-uns-Beschichtungssysteme-KLB-gepru\u0308fte-qualita\u0308t-zertifikate-unser-versprechen-300x300-1-150x150.png 150w, https:\/\/www.klb-koetztal.de\/app\/uploads\/2021\/03\/KLB-Lackebeschichtungen-wir-ueber-uns-Beschichtungssysteme-KLB-gepru\u0308fte-qualita\u0308t-zertifikate-unser-versprechen-300x300-1-100x100.png 100w\" sizes=\"auto, (max-width: 300px) 100vw, 300px\" \/><\/p>\n<p style=\"text-align: center;\"><strong>KLB est synonyme de qualit\u00e9 et de fiabilit\u00e9<\/strong><\/p>\n<p style=\"text-align: center;\">Avec nos syst\u00e8mes, vous \u00eates parfaitement \u00e9quip\u00e9 pour relever tous d\u00e9fis du chantier. Il est important pour nous que vous aviez la certitude de recevoir la solution que vous souhaitez dans les d\u00e9lais impartis. <\/p>\n<p style=\"text-align: center;\">Comment nous y parvenons :<\/p>\n<ul>\n<li style=\"text-align: center;\">Gr\u00e2ce \u00e0 une exp\u00e9rience de pr\u00e8s de 30 ans dans le domaine de sols commerciaux et industriels<\/li>\n<li style=\"text-align: center;\">Avec la certification DIN EN ISO 9001<\/li>\n<li style=\"text-align: center;\">Avec nos solutions de haute qualit\u00e9<\/li>\n<li style=\"text-align: center;\">Avec de multiples certifications de produits telles que l\u2019Eurofins Gold, le certificat WHG (loi allemande sur les ressources en eau), abP (certificats de test des autorit\u00e9s g\u00e9n\u00e9rales de construction) et bien d\u2019autres.<\/li>\n<\/ul>\n","width":"3","background_color_text":"bg-none","border_color":"border-none"}],"match_height":false,"vertical_align":true,"share_buttons":false,"background_color":"bg-white","background_color_content":"bg-none"}},{"acf_fc_layout":"module_posts","module_posts":{"":null,"prototype_headline":{"headline":"Nous sommes certifi\u00e9 !","h1":false,"subheadline":"Vous trouverez ici nos dernies certificats relatifs \u00e0 la s\u00e9curit\u00e9 au travail et \u00e0 la gestion de qualit\u00e9.","anchor":"","url":{"title":"","url":"","target":"","0":""}},"type":"terms","taxonomy":null,"filter_taxonomy":false,"terms":[{"term":[9961]}],"posts":null,"post_type":false,"post_per_page":"4","orderby":"title","sort":"ASC","button_text":"En plus","button_target":true,"button_style":"btn-blue","background_color":"bg-gray-light","background_color_content":"bg-none","button":"none","url":null,"text":"","link_to_system_finder":""}},{"acf_fc_layout":"module_header","module_header":{"":null,"slider":[{"background_image":{"ID":58389,"id":58389,"title":"Banner_KLB_Karriere","filename":"Banner_KLB_Karriere-scaled.jpg","filesize":485720,"url":"https:\/\/www.klb-koetztal.de\/app\/uploads\/2023\/09\/Banner_KLB_Karriere-scaled.jpg","link":"https:\/\/www.klb-koetztal.de\/fr\/?attachment_id=58389","alt":"KLB K\u00f6tztal Ausbildung Job Studium Landkreis G\u00fcnzburg Ichenhausen B\u00fcro Chemielaborant Chemikant Lagerlogistik Produktion Chemie ","author":"11","description":"","caption":"","name":"banner_klb_karriere-2","status":"inherit","uploaded_to":21391,"date":"2023-09-27 09:53:17","modified":"2023-09-27 09:58:03","menu_order":0,"mime_type":"image\/jpeg","type":"image","subtype":"jpeg","icon":"https:\/\/www.klb-koetztal.de\/wp\/wp-includes\/images\/media\/default.png","width":2560,"height":1120,"sizes":{"thumbnail":"https:\/\/www.klb-koetztal.de\/app\/uploads\/2023\/09\/Banner_KLB_Karriere-150x150.jpg","thumbnail-width":150,"thumbnail-height":150,"medium":"https:\/\/www.klb-koetztal.de\/app\/uploads\/2023\/09\/Banner_KLB_Karriere-500x219.jpg","medium-width":500,"medium-height":219,"medium_large":"https:\/\/www.klb-koetztal.de\/app\/uploads\/2023\/09\/Banner_KLB_Karriere-scaled.jpg","medium_large-width":768,"medium_large-height":336,"large":"https:\/\/www.klb-koetztal.de\/app\/uploads\/2023\/09\/Banner_KLB_Karriere-1920x840.jpg","large-width":1920,"large-height":840,"1536x1536":"https:\/\/www.klb-koetztal.de\/app\/uploads\/2023\/09\/Banner_KLB_Karriere-1536x672.jpg","1536x1536-width":1536,"1536x1536-height":672,"2048x2048":"https:\/\/www.klb-koetztal.de\/app\/uploads\/2023\/09\/Banner_KLB_Karriere-2048x896.jpg","2048x2048-width":2048,"2048x2048-height":896,"woocommerce_thumbnail":"https:\/\/www.klb-koetztal.de\/app\/uploads\/2023\/09\/Banner_KLB_Karriere-300x300.jpg","woocommerce_thumbnail-width":300,"woocommerce_thumbnail-height":300,"woocommerce_single":"https:\/\/www.klb-koetztal.de\/app\/uploads\/2023\/09\/Banner_KLB_Karriere-600x262.jpg","woocommerce_single-width":600,"woocommerce_single-height":262,"woocommerce_gallery_thumbnail":"https:\/\/www.klb-koetztal.de\/app\/uploads\/2023\/09\/Banner_KLB_Karriere-100x100.jpg","woocommerce_gallery_thumbnail-width":100,"woocommerce_gallery_thumbnail-height":100}},"headline":"Rejoignez notre \u00e9quipe","subheadline":"Consultez nos offres d'emploi pour trouver la carri\u00e8re qui vous correspond chez nous.","headline_color":"text-color-black","button_link":{"title":"","url":"","target":"","0":""},"button_text":""}],"scroll_down_icon":true,"overlapping_content":false,"anchor":"carri\u00e8re"}},{"acf_fc_layout":"module_grid_text","module_grid_text":{"":null,"prototype_headline":{"headline":"","h1":false,"subheadline":"","anchor":"","url":{"title":"","url":"","target":"","0":""}},"slider":true,"content":[{"text":"<p style=\"text-align: center;\"><a class=\"btn btn-blue\" href=\"\/beruf-und-karriere\/offene-stellen\/#stellenangebote-ichenhausen\" target=\"_blank\">Postulez maintenant !<\/a><\/p>\n","width":"12","background_color_text":"bg-none","border_color":"border-none"}],"match_height":false,"vertical_align":false,"share_buttons":false,"background_color":"bg-gray-light","background_color_content":"bg-none"}}]},"yoast_head":"<!-- This site is optimized with the Yoast SEO plugin v28.4 - https:\/\/yoast.com\/product\/yoast-seo-wordpress\/ -->\n<title>L&#039;entreprise - KLB K\u00f6tztal \u2013 Notre histoire et nos prestations<\/title>\n<meta name=\"description\" content=\"Comp\u00e9tence exceptionnelle de syst\u00e8mes et pr\u00e8s de 30 ans d&#039;expertise font KLB la premi\u00e8re adresse pour les rev\u00eatements en r\u00e9sine r\u00e9active de haute qualit\u00e9.\" \/>\n<meta name=\"robots\" content=\"index, follow, max-snippet:-1, max-image-preview:large, max-video-preview:-1\" \/>\n<link rel=\"canonical\" href=\"https:\/\/www.klb-koetztal.de\/fr\/lentreprise\/\" \/>\n<meta property=\"og:locale\" content=\"fr_FR\" \/>\n<meta property=\"og:type\" content=\"article\" \/>\n<meta property=\"og:title\" content=\"L&#039;entreprise - KLB K\u00f6tztal \u2013 Notre histoire et nos prestations\" \/>\n<meta property=\"og:description\" content=\"Comp\u00e9tence exceptionnelle de syst\u00e8mes et pr\u00e8s de 30 ans d&#039;expertise font KLB la premi\u00e8re adresse pour les rev\u00eatements en r\u00e9sine r\u00e9active de haute qualit\u00e9.\" \/>\n<meta property=\"og:url\" content=\"https:\/\/www.klb-koetztal.de\/fr\/lentreprise\/\" \/>\n<meta property=\"og:site_name\" content=\"KLB K\u00f6tztal\" \/>\n<meta property=\"article:publisher\" content=\"https:\/\/www.facebook.com\/klbkoetztal\" \/>\n<meta property=\"article:modified_time\" content=\"2026-08-19T07:24:16+00:00\" \/>\n<meta name=\"twitter:card\" content=\"summary_large_image\" \/>\n<script type=\"application\/ld+json\" class=\"yoast-schema-graph\">{\"@context\":\"https:\\\/\\\/schema.org\",\"@graph\":[{\"@type\":\"WebPage\",\"@id\":\"https:\\\/\\\/www.klb-koetztal.de\\\/fr\\\/lentreprise\\\/\",\"url\":\"https:\\\/\\\/www.klb-koetztal.de\\\/fr\\\/lentreprise\\\/\",\"name\":\"L'entreprise - KLB K\u00f6tztal \u2013 Notre histoire et nos prestations\",\"isPartOf\":{\"@id\":\"https:\\\/\\\/www.klb-koetztal.de\\\/fr\\\/#website\"},\"datePublished\":\"2025-09-12T07:51:57+00:00\",\"dateModified\":\"2026-08-19T07:24:16+00:00\",\"description\":\"Comp\u00e9tence exceptionnelle de syst\u00e8mes et pr\u00e8s de 30 ans d'expertise font KLB la premi\u00e8re adresse pour les rev\u00eatements en r\u00e9sine r\u00e9active de haute qualit\u00e9.\",\"breadcrumb\":{\"@id\":\"https:\\\/\\\/www.klb-koetztal.de\\\/fr\\\/lentreprise\\\/#breadcrumb\"},\"inLanguage\":\"fr-FR\",\"potentialAction\":[{\"@type\":\"ReadAction\",\"target\":[\"https:\\\/\\\/www.klb-koetztal.de\\\/fr\\\/lentreprise\\\/\"]}]},{\"@type\":\"BreadcrumbList\",\"@id\":\"https:\\\/\\\/www.klb-koetztal.de\\\/fr\\\/lentreprise\\\/#breadcrumb\",\"itemListElement\":[{\"@type\":\"ListItem\",\"position\":1,\"name\":\"Startseite\",\"item\":\"https:\\\/\\\/www.klb-koetztal.de\\\/fr\\\/\"},{\"@type\":\"ListItem\",\"position\":2,\"name\":\"L&rsquo;entreprise\"}]},{\"@type\":\"WebSite\",\"@id\":\"https:\\\/\\\/www.klb-koetztal.de\\\/fr\\\/#website\",\"url\":\"https:\\\/\\\/www.klb-koetztal.de\\\/fr\\\/\",\"name\":\"KLB K\u00f6tztal Lacke + Beschichtungen GmbH\",\"description\":\"Gute B\u00f6den haben ein System.\",\"publisher\":{\"@id\":\"https:\\\/\\\/www.klb-koetztal.de\\\/fr\\\/#organization\"},\"potentialAction\":[{\"@type\":\"SearchAction\",\"target\":{\"@type\":\"EntryPoint\",\"urlTemplate\":\"https:\\\/\\\/www.klb-koetztal.de\\\/fr\\\/?s={search_term_string}\"},\"query-input\":{\"@type\":\"PropertyValueSpecification\",\"valueRequired\":true,\"valueName\":\"search_term_string\"}}],\"inLanguage\":\"fr-FR\"},{\"@type\":\"Organization\",\"@id\":\"https:\\\/\\\/www.klb-koetztal.de\\\/fr\\\/#organization\",\"name\":\"KLB K\u00f6tztal Lacke + Beschichtungen GmbH\",\"url\":\"https:\\\/\\\/www.klb-koetztal.de\\\/fr\\\/\",\"logo\":{\"@type\":\"ImageObject\",\"inLanguage\":\"fr-FR\",\"@id\":\"https:\\\/\\\/www.klb-koetztal.de\\\/fr\\\/#\\\/schema\\\/logo\\\/image\\\/\",\"url\":\"https:\\\/\\\/www.klb-koetztal.de\\\/app\\\/uploads\\\/2023\\\/10\\\/KLB_4C_HQ.png\",\"contentUrl\":\"https:\\\/\\\/www.klb-koetztal.de\\\/app\\\/uploads\\\/2023\\\/10\\\/KLB_4C_HQ.png\",\"width\":1500,\"height\":363,\"caption\":\"KLB K\u00f6tztal Lacke + Beschichtungen GmbH\"},\"image\":{\"@id\":\"https:\\\/\\\/www.klb-koetztal.de\\\/fr\\\/#\\\/schema\\\/logo\\\/image\\\/\"},\"sameAs\":[\"https:\\\/\\\/www.facebook.com\\\/klbkoetztal\",\"https:\\\/\\\/www.instagram.com\\\/klbkoetztal\\\/\",\"https:\\\/\\\/www.linkedin.com\\\/company\\\/klbkoetztal\"]}]}<\/script>\n<!-- \/ Yoast SEO plugin. -->","yoast_head_json":{"title":"L'entreprise - KLB K\u00f6tztal \u2013 Notre histoire et nos prestations","description":"Comp\u00e9tence exceptionnelle de syst\u00e8mes et pr\u00e8s de 30 ans d'expertise font KLB la premi\u00e8re adresse pour les rev\u00eatements en r\u00e9sine r\u00e9active de haute qualit\u00e9.","robots":{"index":"index","follow":"follow","max-snippet":"max-snippet:-1","max-image-preview":"max-image-preview:large","max-video-preview":"max-video-preview:-1"},"canonical":"https:\/\/www.klb-koetztal.de\/fr\/lentreprise\/","og_locale":"fr_FR","og_type":"article","og_title":"L'entreprise - KLB K\u00f6tztal \u2013 Notre histoire et nos prestations","og_description":"Comp\u00e9tence exceptionnelle de syst\u00e8mes et pr\u00e8s de 30 ans d'expertise font KLB la premi\u00e8re adresse pour les rev\u00eatements en r\u00e9sine r\u00e9active de haute qualit\u00e9.","og_url":"https:\/\/www.klb-koetztal.de\/fr\/lentreprise\/","og_site_name":"KLB K\u00f6tztal","article_publisher":"https:\/\/www.facebook.com\/klbkoetztal","article_modified_time":"2026-08-19T07:24:16+00:00","twitter_card":"summary_large_image","schema":{"@context":"https:\/\/schema.org","@graph":[{"@type":"WebPage","@id":"https:\/\/www.klb-koetztal.de\/fr\/lentreprise\/","url":"https:\/\/www.klb-koetztal.de\/fr\/lentreprise\/","name":"L'entreprise - KLB K\u00f6tztal \u2013 Notre histoire et nos prestations","isPartOf":{"@id":"https:\/\/www.klb-koetztal.de\/fr\/#website"},"datePublished":"2025-09-12T07:51:57+00:00","dateModified":"2026-08-19T07:24:16+00:00","description":"Comp\u00e9tence exceptionnelle de syst\u00e8mes et pr\u00e8s de 30 ans d'expertise font KLB la premi\u00e8re adresse pour les rev\u00eatements en r\u00e9sine r\u00e9active de haute qualit\u00e9.","breadcrumb":{"@id":"https:\/\/www.klb-koetztal.de\/fr\/lentreprise\/#breadcrumb"},"inLanguage":"fr-FR","potentialAction":[{"@type":"ReadAction","target":["https:\/\/www.klb-koetztal.de\/fr\/lentreprise\/"]}]},{"@type":"BreadcrumbList","@id":"https:\/\/www.klb-koetztal.de\/fr\/lentreprise\/#breadcrumb","itemListElement":[{"@type":"ListItem","position":1,"name":"Startseite","item":"https:\/\/www.klb-koetztal.de\/fr\/"},{"@type":"ListItem","position":2,"name":"L&rsquo;entreprise"}]},{"@type":"WebSite","@id":"https:\/\/www.klb-koetztal.de\/fr\/#website","url":"https:\/\/www.klb-koetztal.de\/fr\/","name":"KLB K\u00f6tztal Lacke + Beschichtungen GmbH","description":"Gute B\u00f6den haben ein System.","publisher":{"@id":"https:\/\/www.klb-koetztal.de\/fr\/#organization"},"potentialAction":[{"@type":"SearchAction","target":{"@type":"EntryPoint","urlTemplate":"https:\/\/www.klb-koetztal.de\/fr\/?s={search_term_string}"},"query-input":{"@type":"PropertyValueSpecification","valueRequired":true,"valueName":"search_term_string"}}],"inLanguage":"fr-FR"},{"@type":"Organization","@id":"https:\/\/www.klb-koetztal.de\/fr\/#organization","name":"KLB K\u00f6tztal Lacke + Beschichtungen GmbH","url":"https:\/\/www.klb-koetztal.de\/fr\/","logo":{"@type":"ImageObject","inLanguage":"fr-FR","@id":"https:\/\/www.klb-koetztal.de\/fr\/#\/schema\/logo\/image\/","url":"https:\/\/www.klb-koetztal.de\/app\/uploads\/2023\/10\/KLB_4C_HQ.png","contentUrl":"https:\/\/www.klb-koetztal.de\/app\/uploads\/2023\/10\/KLB_4C_HQ.png","width":1500,"height":363,"caption":"KLB K\u00f6tztal Lacke + Beschichtungen GmbH"},"image":{"@id":"https:\/\/www.klb-koetztal.de\/fr\/#\/schema\/logo\/image\/"},"sameAs":["https:\/\/www.facebook.com\/klbkoetztal","https:\/\/www.instagram.com\/klbkoetztal\/","https:\/\/www.linkedin.com\/company\/klbkoetztal"]}]}},"_links":{"self":[{"href":"https:\/\/www.klb-koetztal.de\/fr\/wp-json\/wp\/v2\/pages\/66064","targetHints":{"allow":["GET"]}}],"collection":[{"href":"https:\/\/www.klb-koetztal.de\/fr\/wp-json\/wp\/v2\/pages"}],"about":[{"href":"https:\/\/www.klb-koetztal.de\/fr\/wp-json\/wp\/v2\/types\/page"}],"author":[{"embeddable":true,"href":"https:\/\/www.klb-koetztal.de\/fr\/wp-json\/wp\/v2\/users\/17"}],"replies":[{"embeddable":true,"href":"https:\/\/www.klb-koetztal.de\/fr\/wp-json\/wp\/v2\/comments?post=66064"}],"version-history":[{"count":1,"href":"https:\/\/www.klb-koetztal.de\/fr\/wp-json\/wp\/v2\/pages\/66064\/revisions"}],"predecessor-version":[{"id":70477,"href":"https:\/\/www.klb-koetztal.de\/fr\/wp-json\/wp\/v2\/pages\/66064\/revisions\/70477"}],"wp:attachment":[{"href":"https:\/\/www.klb-koetztal.de\/fr\/wp-json\/wp\/v2\/media?parent=66064"}],"curies":[{"name":"wp","href":"https:\/\/api.w.org\/{rel}","templated":true}]}}